{"id":208,"date":"2022-08-08T14:27:49","date_gmt":"2022-08-08T17:27:49","guid":{"rendered":"https:\/\/www.gadens.com.br\/?post_type=cpt_emp&#038;p=208"},"modified":"2025-06-23T15:18:15","modified_gmt":"2025-06-23T18:18:15","slug":"bosco-centrale","status":"publish","type":"cpt_emp","link":"https:\/\/gadens.com.br\/_homologacao\/empreendimento\/bosco-centrale\/","title":{"rendered":"Bosco Centrale"},"content":{"rendered":"\n<p>O Bosco Centrale \u00e9 o 1\u00ba bosque vertical da cidade. Um empreendimento sustent\u00e1vel, onde voc\u00ea e sua fam\u00edlia podem conviver com a natureza sem abrir m\u00e3o das facilidades de sua localiza\u00e7\u00e3o privilegiada. Um lugar para desacelerar e aproveitar cada momento com conforto, sofistica\u00e7\u00e3o e muito estilo ao lado de quem ama. \u00c9 a sua vida com o f\u00f4lego renovado todos os dias.<\/p>\n\n\n\n<p>H\u00e1 anos o centro de Curitiba n\u00e3o contava com um empreendimento como o Bosco Centrale: pensado para fam\u00edlias, com ambientes amplos e bem iluminados, \u00e1reas de lazer e seguran\u00e7a. Uma op\u00e7\u00e3o que une o que h\u00e1 de mais moderno a toda a tranquilidade que a natureza pode oferecer.<\/p>\n\n\n\n<p><\/p>\n","protected":false},"featured_media":0,"menu_order":5,"template":"","class_list":["post-208","cpt_emp","type-cpt_emp","status-publish","hentry"],"acf":[],"yoast_head":"<!-- This site is optimized with the Yoast SEO plugin v27.4 - https:\/\/yoast.com\/product\/yoast-seo-wordpress\/ -->\n<title>Bosco Centrale - Gadens Incorporadora<\/title>\n<meta name=\"robots\" content=\"index, follow, max-snippet:-1, max-image-preview:large, max-video-preview:-1\" \/>\n<link rel=\"canonical\" href=\"https:\/\/gadens.com.br\/_homologacao\/empreendimento\/bosco-centrale\/\" \/>\n<meta property=\"og:locale\" content=\"pt_BR\" \/>\n<meta property=\"og:type\" content=\"article\" \/>\n<meta property=\"og:title\" content=\"Bosco Centrale - Gadens Incorporadora\" \/>\n<meta property=\"og:description\" content=\"O Bosco Centrale \u00e9 o 1\u00ba bosque vertical da cidade. Um empreendimento sustent\u00e1vel, onde voc\u00ea e sua fam\u00edlia podem conviver com a natureza sem abrir m\u00e3o das facilidades de sua localiza\u00e7\u00e3o privilegiada. Um lugar para desacelerar e aproveitar cada momento com conforto, sofistica\u00e7\u00e3o e muito estilo ao lado de quem ama. \u00c9 a sua vida [&hellip;]\" \/>\n<meta property=\"og:url\" content=\"https:\/\/gadens.com.br\/_homologacao\/empreendimento\/bosco-centrale\/\" \/>\n<meta property=\"og:site_name\" content=\"Gadens Incorporadora\" \/>\n<meta property=\"article:modified_time\" content=\"2025-06-23T18:18:15+00:00\" \/>\n<meta name=\"twitter:card\" content=\"summary_large_image\" \/>\n<meta name=\"twitter:label1\" content=\"Est. tempo de leitura\" \/>\n\t<meta name=\"twitter:data1\" content=\"1 minuto\" \/>\n<script type=\"application\/ld+json\" class=\"yoast-schema-graph\">{\"@context\":\"https:\\\/\\\/schema.org\",\"@graph\":[{\"@type\":\"WebPage\",\"@id\":\"https:\\\/\\\/gadens.com.br\\\/_homologacao\\\/empreendimento\\\/bosco-centrale\\\/\",\"url\":\"https:\\\/\\\/gadens.com.br\\\/_homologacao\\\/empreendimento\\\/bosco-centrale\\\/\",\"name\":\"Bosco Centrale - Gadens Incorporadora\",\"isPartOf\":{\"@id\":\"https:\\\/\\\/gadens.com.br\\\/_homologacao\\\/#website\"},\"datePublished\":\"2022-08-08T17:27:49+00:00\",\"dateModified\":\"2025-06-23T18:18:15+00:00\",\"breadcrumb\":{\"@id\":\"https:\\\/\\\/gadens.com.br\\\/_homologacao\\\/empreendimento\\\/bosco-centrale\\\/#breadcrumb\"},\"inLanguage\":\"pt-BR\",\"potentialAction\":[{\"@type\":\"ReadAction\",\"target\":[\"https:\\\/\\\/gadens.com.br\\\/_homologacao\\\/empreendimento\\\/bosco-centrale\\\/\"]}]},{\"@type\":\"BreadcrumbList\",\"@id\":\"https:\\\/\\\/gadens.com.br\\\/_homologacao\\\/empreendimento\\\/bosco-centrale\\\/#breadcrumb\",\"itemListElement\":[{\"@type\":\"ListItem\",\"position\":1,\"name\":\"In\u00edcio\",\"item\":\"https:\\\/\\\/gadens.com.br\\\/_homologacao\\\/\"},{\"@type\":\"ListItem\",\"position\":2,\"name\":\"Bosco Centrale\"}]},{\"@type\":\"WebSite\",\"@id\":\"https:\\\/\\\/gadens.com.br\\\/_homologacao\\\/#website\",\"url\":\"https:\\\/\\\/gadens.com.br\\\/_homologacao\\\/\",\"name\":\"Gadens Incorporadora\",\"description\":\"\",\"potentialAction\":[{\"@type\":\"SearchAction\",\"target\":{\"@type\":\"EntryPoint\",\"urlTemplate\":\"https:\\\/\\\/gadens.com.br\\\/_homologacao\\\/?s={search_term_string}\"},\"query-input\":{\"@type\":\"PropertyValueSpecification\",\"valueRequired\":true,\"valueName\":\"search_term_string\"}}],\"inLanguage\":\"pt-BR\"}]}<\/script>\n<!-- \/ Yoast SEO plugin. -->","yoast_head_json":{"title":"Bosco Centrale - Gadens Incorporadora","robots":{"index":"index","follow":"follow","max-snippet":"max-snippet:-1","max-image-preview":"max-image-preview:large","max-video-preview":"max-video-preview:-1"},"canonical":"https:\/\/gadens.com.br\/_homologacao\/empreendimento\/bosco-centrale\/","og_locale":"pt_BR","og_type":"article","og_title":"Bosco Centrale - Gadens Incorporadora","og_description":"O Bosco Centrale \u00e9 o 1\u00ba bosque vertical da cidade. Um empreendimento sustent\u00e1vel, onde voc\u00ea e sua fam\u00edlia podem conviver com a natureza sem abrir m\u00e3o das facilidades de sua localiza\u00e7\u00e3o privilegiada. Um lugar para desacelerar e aproveitar cada momento com conforto, sofistica\u00e7\u00e3o e muito estilo ao lado de quem ama. \u00c9 a sua vida [&hellip;]","og_url":"https:\/\/gadens.com.br\/_homologacao\/empreendimento\/bosco-centrale\/","og_site_name":"Gadens Incorporadora","article_modified_time":"2025-06-23T18:18:15+00:00","twitter_card":"summary_large_image","twitter_misc":{"Est. tempo de leitura":"1 minuto"},"schema":{"@context":"https:\/\/schema.org","@graph":[{"@type":"WebPage","@id":"https:\/\/gadens.com.br\/_homologacao\/empreendimento\/bosco-centrale\/","url":"https:\/\/gadens.com.br\/_homologacao\/empreendimento\/bosco-centrale\/","name":"Bosco Centrale - Gadens Incorporadora","isPartOf":{"@id":"https:\/\/gadens.com.br\/_homologacao\/#website"},"datePublished":"2022-08-08T17:27:49+00:00","dateModified":"2025-06-23T18:18:15+00:00","breadcrumb":{"@id":"https:\/\/gadens.com.br\/_homologacao\/empreendimento\/bosco-centrale\/#breadcrumb"},"inLanguage":"pt-BR","potentialAction":[{"@type":"ReadAction","target":["https:\/\/gadens.com.br\/_homologacao\/empreendimento\/bosco-centrale\/"]}]},{"@type":"BreadcrumbList","@id":"https:\/\/gadens.com.br\/_homologacao\/empreendimento\/bosco-centrale\/#breadcrumb","itemListElement":[{"@type":"ListItem","position":1,"name":"In\u00edcio","item":"https:\/\/gadens.com.br\/_homologacao\/"},{"@type":"ListItem","position":2,"name":"Bosco Centrale"}]},{"@type":"WebSite","@id":"https:\/\/gadens.com.br\/_homologacao\/#website","url":"https:\/\/gadens.com.br\/_homologacao\/","name":"Gadens Incorporadora","description":"","potentialAction":[{"@type":"SearchAction","target":{"@type":"EntryPoint","urlTemplate":"https:\/\/gadens.com.br\/_homologacao\/?s={search_term_string}"},"query-input":{"@type":"PropertyValueSpecification","valueRequired":true,"valueName":"search_term_string"}}],"inLanguage":"pt-BR"}]}},"_links":{"self":[{"href":"https:\/\/gadens.com.br\/_homologacao\/wp-json\/wp\/v2\/cpt_emp\/208","targetHints":{"allow":["GET"]}}],"collection":[{"href":"https:\/\/gadens.com.br\/_homologacao\/wp-json\/wp\/v2\/cpt_emp"}],"about":[{"href":"https:\/\/gadens.com.br\/_homologacao\/wp-json\/wp\/v2\/types\/cpt_emp"}],"wp:attachment":[{"href":"https:\/\/gadens.com.br\/_homologacao\/wp-json\/wp\/v2\/media?parent=208"}],"curies":[{"name":"wp","href":"https:\/\/api.w.org\/{rel}","templated":true}]}}